{"id":23,"date":"2018-04-23T16:38:15","date_gmt":"2018-04-23T14:38:15","guid":{"rendered":"http:\/\/ferme-brochier05.fr\/?page_id=23"},"modified":"2023-04-11T22:34:02","modified_gmt":"2023-04-11T20:34:02","slug":"les-poules-pondeuses","status":"publish","type":"page","link":"https:\/\/ferme-brochier05.fr\/index.php\/les-poules-pondeuses\/","title":{"rendered":"Nos volailles"},"content":{"rendered":"<div id=\"pl-23\"  class=\"panel-layout\" ><div id=\"pg-23-0\"  class=\"panel-grid panel-has-style\" ><div class=\"panel-row-style panel-row-style-for-23-0\" ><div id=\"pgc-23-0-0\"  class=\"panel-grid-cell panel-grid-cell-empty\" ><\/div><\/div><\/div><div id=\"pg-23-1\"  class=\"panel-grid panel-has-style\" ><div class=\"panel-row-style panel-row-style-for-23-1\" ><div id=\"pgc-23-1-0\"  class=\"panel-grid-cell\" ><div id=\"panel-23-1-0-0\" class=\"so-panel widget widget_sow-image panel-first-child panel-last-child\" data-index=\"0\" ><div class=\"panel-widget-style panel-widget-style-for-23-1-0-0\" ><div\n\t\t\t\n\t\t\tclass=\"so-widget-sow-image so-widget-sow-image-default-113ccd71f3e6-23\"\n\t\t\t\n\t\t><h3 class=\"widget-title\">LES POULES PONDEUSES<\/h3>\n<div class=\"sow-image-container\">\n\t\t\t<a href=\"https:\/\/ferme-brochier05.fr\/index.php\/les-poules-pondeuses-2\/\"\n\t\t\ttarget=\"_blank\" rel=\"noopener noreferrer\" \t\t>\n\t\t\t<img \n\tsrc=\"https:\/\/ferme-brochier05.fr\/wp-content\/uploads\/2018\/09\/poules-512x512-3-300x300.jpg\" width=\"300\" height=\"300\" srcset=\"https:\/\/ferme-brochier05.fr\/wp-content\/uploads\/2018\/09\/poules-512x512-3-300x300.jpg 300w, https:\/\/ferme-brochier05.fr\/wp-content\/uploads\/2018\/09\/poules-512x512-3-150x150.jpg 150w, https:\/\/ferme-brochier05.fr\/wp-content\/uploads\/2018\/09\/poules-512x512-3.jpg 512w\" sizes=\"(max-width: 300px) 100vw, 300px\" title=\"LES POULES PONDEUSES\" alt=\"\" \t\tclass=\"so-widget-image\"\/>\n\t\t\t<\/a><\/div>\n\n<\/div><\/div><\/div><\/div><div id=\"pgc-23-1-1\"  class=\"panel-grid-cell\" ><div id=\"panel-23-1-1-0\" class=\"so-panel widget widget_sow-editor panel-first-child panel-last-child\" data-index=\"1\" ><div class=\"panel-widget-style panel-widget-style-for-23-1-1-0\" ><div\n\t\t\t\n\t\t\tclass=\"so-widget-sow-editor so-widget-sow-editor-base\"\n\t\t\t\n\t\t>\n<div class=\"siteorigin-widget-tinymce textwidget\">\n\t<p>&nbsp;<\/p>\n<p style=\"text-align: left;\">Vous trouverez, dans notre \u00e9levage, des poules pondeuses de diff\u00e9rentes couleurs\u00a0: rousses, noires, blanches et grises. Elles ont environ 20 semaines et commencent d\u00e9j\u00e0 \u00e0 pondre pour certaines. Elles ont l\u2019habitude de voir du monde et ne sont pas sauvages.<\/p>\n<p style=\"text-align: left;\">Vous pouvez m\u00e9langer les couleurs, elles s\u2019adaptent toutes ensembles.<\/p>\n<\/div>\n<\/div><\/div><\/div><\/div><\/div><\/div><div id=\"pg-23-2\"  class=\"panel-grid panel-has-style\" ><div class=\"panel-row-style panel-row-style-for-23-2\" ><div id=\"pgc-23-2-0\"  class=\"panel-grid-cell\" ><div id=\"panel-23-2-0-0\" class=\"so-panel widget widget_sow-image panel-first-child panel-last-child\" data-index=\"2\" ><div class=\"panel-widget-style panel-widget-style-for-23-2-0-0\" ><div\n\t\t\t\n\t\t\tclass=\"so-widget-sow-image so-widget-sow-image-default-113ccd71f3e6-23\"\n\t\t\t\n\t\t><h3 class=\"widget-title\">LES POULETS<\/h3>\n<div class=\"sow-image-container\">\n\t\t\t<a href=\"https:\/\/ferme-brochier05.fr\/index.php\/les-poulets\/\"\n\t\t\ttarget=\"_blank\" rel=\"noopener noreferrer\" \t\t>\n\t\t\t<img \n\tsrc=\"https:\/\/ferme-brochier05.fr\/wp-content\/uploads\/2018\/09\/POULETS-512x512-1-300x300.jpg\" width=\"300\" height=\"300\" srcset=\"https:\/\/ferme-brochier05.fr\/wp-content\/uploads\/2018\/09\/POULETS-512x512-1-300x300.jpg 300w, https:\/\/ferme-brochier05.fr\/wp-content\/uploads\/2018\/09\/POULETS-512x512-1-150x150.jpg 150w, https:\/\/ferme-brochier05.fr\/wp-content\/uploads\/2018\/09\/POULETS-512x512-1.jpg 512w\" sizes=\"(max-width: 300px) 100vw, 300px\" title=\"LES POULETS\" alt=\"\" \t\tclass=\"so-widget-image\"\/>\n\t\t\t<\/a><\/div>\n\n<\/div><\/div><\/div><\/div><div id=\"pgc-23-2-1\"  class=\"panel-grid-cell\" ><div id=\"panel-23-2-1-0\" class=\"so-panel widget widget_sow-editor panel-first-child panel-last-child\" data-index=\"3\" ><div class=\"panel-widget-style panel-widget-style-for-23-2-1-0\" ><div\n\t\t\t\n\t\t\tclass=\"so-widget-sow-editor so-widget-sow-editor-base\"\n\t\t\t\n\t\t>\n<div class=\"siteorigin-widget-tinymce textwidget\">\n\t<p>&nbsp;<\/p>\n<p>Les poulets fermiers de\u00a0races :\u00a0cou-nu,\u00a0cendr\u00e9\u00a0et\u00a0coucou. Ceux sont\u00a0des poulets \u00e0\u00a0croissance plus lente\u00a0que\u00a0les poulets de chair\u00a0mais qui ont la particularit\u00e9 de\u00a0s'\u00e9lever de fa\u00e7on fermi\u00e8re\u00a0en les passant plus rapidement aux\u00a0c\u00e9r\u00e9ales. Ils auront\u00a0une viande plus savoureuse\u00a0que\u00a0les poulets de chair.<\/p>\n<\/div>\n<\/div><\/div><\/div><\/div><\/div><\/div><div id=\"pg-23-3\"  class=\"panel-grid panel-has-style\" ><div class=\"panel-row-style panel-row-style-for-23-3\" ><div id=\"pgc-23-3-0\"  class=\"panel-grid-cell\" ><div id=\"panel-23-3-0-0\" class=\"so-panel widget widget_sow-image panel-first-child panel-last-child\" data-index=\"4\" ><div class=\"panel-widget-style panel-widget-style-for-23-3-0-0\" ><div\n\t\t\t\n\t\t\tclass=\"so-widget-sow-image so-widget-sow-image-default-113ccd71f3e6-23\"\n\t\t\t\n\t\t><h3 class=\"widget-title\">LES PINTADES<\/h3>\n<div class=\"sow-image-container\">\n\t\t\t<a href=\"https:\/\/ferme-brochier05.fr\/index.php\/les-pintades\/\"\n\t\t\ttarget=\"_blank\" rel=\"noopener noreferrer\" \t\t>\n\t\t\t<img \n\tsrc=\"https:\/\/ferme-brochier05.fr\/wp-content\/uploads\/2018\/10\/FERME-AVICOLE-Pintades-512X512-300x300.jpg\" width=\"300\" height=\"300\" srcset=\"https:\/\/ferme-brochier05.fr\/wp-content\/uploads\/2018\/10\/FERME-AVICOLE-Pintades-512X512-300x300.jpg 300w, https:\/\/ferme-brochier05.fr\/wp-content\/uploads\/2018\/10\/FERME-AVICOLE-Pintades-512X512-150x150.jpg 150w, https:\/\/ferme-brochier05.fr\/wp-content\/uploads\/2018\/10\/FERME-AVICOLE-Pintades-512X512-100x100.jpg 100w, https:\/\/ferme-brochier05.fr\/wp-content\/uploads\/2018\/10\/FERME-AVICOLE-Pintades-512X512.jpg 350w\" sizes=\"(max-width: 300px) 100vw, 300px\" title=\"LES PINTADES\" alt=\"\" \t\tclass=\"so-widget-image\"\/>\n\t\t\t<\/a><\/div>\n\n<\/div><\/div><\/div><\/div><div id=\"pgc-23-3-1\"  class=\"panel-grid-cell\" ><div id=\"panel-23-3-1-0\" class=\"so-panel widget widget_sow-editor panel-first-child panel-last-child\" data-index=\"5\" ><div class=\"panel-widget-style panel-widget-style-for-23-3-1-0\" ><div\n\t\t\t\n\t\t\tclass=\"so-widget-sow-editor so-widget-sow-editor-base\"\n\t\t\t\n\t\t>\n<div class=\"siteorigin-widget-tinymce textwidget\">\n\t<p>&nbsp;<\/p>\n<p>Les pintades sont des oiseaux encore sauvages, elles sont plus craintives que des poules. L'\u00e9levage s'inspire de celui\u00a0 des faisans. Ce volatile a une saveur qui rappelle faiblement le go\u00fbt du gibier.<\/p>\n<\/div>\n<\/div><\/div><\/div><\/div><\/div><\/div><div id=\"pg-23-4\"  class=\"panel-grid panel-has-style\" ><div class=\"panel-row-style panel-row-style-for-23-4\" ><div id=\"pgc-23-4-0\"  class=\"panel-grid-cell\" ><div id=\"panel-23-4-0-0\" class=\"so-panel widget widget_sow-image panel-first-child panel-last-child\" data-index=\"6\" ><div class=\"panel-widget-style panel-widget-style-for-23-4-0-0\" ><div\n\t\t\t\n\t\t\tclass=\"so-widget-sow-image so-widget-sow-image-default-113ccd71f3e6-23\"\n\t\t\t\n\t\t><h3 class=\"widget-title\">LES CANARDS<\/h3>\n<div class=\"sow-image-container\">\n\t\t\t<a href=\"https:\/\/ferme-brochier05.fr\/index.php\/les-canards\/\"\n\t\t\ttarget=\"_blank\" rel=\"noopener noreferrer\" \t\t>\n\t\t\t<img \n\tsrc=\"https:\/\/ferme-brochier05.fr\/wp-content\/uploads\/2018\/10\/FERME-AVICOLE-canard-mulard-512X512-300x300.jpg\" width=\"300\" height=\"300\" srcset=\"https:\/\/ferme-brochier05.fr\/wp-content\/uploads\/2018\/10\/FERME-AVICOLE-canard-mulard-512X512-300x300.jpg 300w, https:\/\/ferme-brochier05.fr\/wp-content\/uploads\/2018\/10\/FERME-AVICOLE-canard-mulard-512X512-150x150.jpg 150w, https:\/\/ferme-brochier05.fr\/wp-content\/uploads\/2018\/10\/FERME-AVICOLE-canard-mulard-512X512-100x100.jpg 100w, https:\/\/ferme-brochier05.fr\/wp-content\/uploads\/2018\/10\/FERME-AVICOLE-canard-mulard-512X512.jpg 350w\" sizes=\"(max-width: 300px) 100vw, 300px\" title=\"LES CANARDS\" alt=\"\" \t\tclass=\"so-widget-image\"\/>\n\t\t\t<\/a><\/div>\n\n<\/div><\/div><\/div><\/div><div id=\"pgc-23-4-1\"  class=\"panel-grid-cell\" ><div id=\"panel-23-4-1-0\" class=\"so-panel widget widget_sow-editor panel-first-child panel-last-child\" data-index=\"7\" ><div class=\"panel-widget-style panel-widget-style-for-23-4-1-0\" ><div\n\t\t\t\n\t\t\tclass=\"so-widget-sow-editor so-widget-sow-editor-base\"\n\t\t\t\n\t\t>\n<div class=\"siteorigin-widget-tinymce textwidget\">\n\t<p>&nbsp;<\/p>\n<p><span style=\"font-family: 'Verdana','sans-serif'; color: #444444;\">Le canard de Barbarie est une esp\u00e8ce \u00e9galement connue sous le nom de canard musqu\u00e9 qui d\u00e9signe plus sp\u00e9cialement sa forme sauvage, originaire d'Am\u00e9rique du Sud. Il est diff\u00e9rent du canard europ\u00e9en.<br \/>\nIl peut se croiser avec le canard europ\u00e9en, donnant le\u00a0<\/span><span style=\"font-family: 'Verdana','sans-serif';\">mulard<\/span><span style=\"font-family: 'Verdana','sans-serif'; color: #444444;\">, un canard g\u00e9n\u00e9tiquement st\u00e9rile. Le croisement entre un canard de Barbarie m\u00e2le et une cane de P\u00e9kin donne \u00e9galement un canard st\u00e9rile.<\/span><\/p>\n<p>&nbsp;<\/p>\n<\/div>\n<\/div><\/div><\/div><\/div><\/div><\/div><div id=\"pg-23-5\"  class=\"panel-grid panel-has-style\" ><div class=\"panel-row-style panel-row-style-for-23-5\" ><div id=\"pgc-23-5-0\"  class=\"panel-grid-cell\" ><div id=\"panel-23-5-0-0\" class=\"so-panel widget widget_sow-image panel-first-child panel-last-child\" data-index=\"8\" ><div class=\"panel-widget-style panel-widget-style-for-23-5-0-0\" ><div\n\t\t\t\n\t\t\tclass=\"so-widget-sow-image so-widget-sow-image-default-113ccd71f3e6-23\"\n\t\t\t\n\t\t><h3 class=\"widget-title\">LES OIES<\/h3>\n<div class=\"sow-image-container\">\n\t\t\t<a href=\"https:\/\/ferme-brochier05.fr\/index.php\/les-oies\/\"\n\t\t\ttarget=\"_blank\" rel=\"noopener noreferrer\" \t\t>\n\t\t\t<img \n\tsrc=\"https:\/\/ferme-brochier05.fr\/wp-content\/uploads\/2019\/02\/FERME-AVICOLE-BROCHIER-OIE-BLANCHE-512X512-300x300.jpg\" width=\"300\" height=\"300\" srcset=\"https:\/\/ferme-brochier05.fr\/wp-content\/uploads\/2019\/02\/FERME-AVICOLE-BROCHIER-OIE-BLANCHE-512X512-300x300.jpg 300w, https:\/\/ferme-brochier05.fr\/wp-content\/uploads\/2019\/02\/FERME-AVICOLE-BROCHIER-OIE-BLANCHE-512X512-150x150.jpg 150w, https:\/\/ferme-brochier05.fr\/wp-content\/uploads\/2019\/02\/FERME-AVICOLE-BROCHIER-OIE-BLANCHE-512X512-100x100.jpg 100w, https:\/\/ferme-brochier05.fr\/wp-content\/uploads\/2019\/02\/FERME-AVICOLE-BROCHIER-OIE-BLANCHE-512X512.jpg 350w\" sizes=\"(max-width: 300px) 100vw, 300px\" title=\"LES OIES\" alt=\"\" \t\tclass=\"so-widget-image\"\/>\n\t\t\t<\/a><\/div>\n\n<\/div><\/div><\/div><\/div><div id=\"pgc-23-5-1\"  class=\"panel-grid-cell\" ><div id=\"panel-23-5-1-0\" class=\"so-panel widget widget_sow-editor panel-first-child panel-last-child\" data-index=\"9\" ><div class=\"panel-widget-style panel-widget-style-for-23-5-1-0\" ><div\n\t\t\t\n\t\t\tclass=\"so-widget-sow-editor so-widget-sow-editor-base\"\n\t\t\t\n\t\t>\n<div class=\"siteorigin-widget-tinymce textwidget\">\n\t<p>&nbsp;<\/p>\n<p>Les oies grises et blanches atteignent un poids de 5.5 \u00e0 6 kgs \u00e0 l'\u00e2ge adulte. Elles sont donc utilis\u00e9es pour la viande mais aussi comme gardiennes car elles font du bruit d\u00e8s qu\u2019elles entendent un son nouveau et comme tondeuses o\u00f9 leur efficacit\u00e9 est \u00e9galement redoutable.<\/p>\n<\/div>\n<\/div><\/div><\/div><\/div><\/div><\/div><div id=\"pg-23-6\"  class=\"panel-grid panel-has-style\" ><div class=\"panel-row-style panel-row-style-for-23-6\" ><div id=\"pgc-23-6-0\"  class=\"panel-grid-cell\" ><div id=\"panel-23-6-0-0\" class=\"so-panel widget widget_sow-image panel-first-child panel-last-child\" data-index=\"10\" ><div class=\"panel-widget-style panel-widget-style-for-23-6-0-0\" ><div\n\t\t\t\n\t\t\tclass=\"so-widget-sow-image so-widget-sow-image-default-113ccd71f3e6-23\"\n\t\t\t\n\t\t><h3 class=\"widget-title\">LES DINDES<\/h3>\n<div class=\"sow-image-container\">\n\t\t\t<a href=\"https:\/\/ferme-brochier05.fr\/index.php\/les-dindes\/\"\n\t\t\ttarget=\"_blank\" rel=\"noopener noreferrer\" \t\t>\n\t\t\t<img \n\tsrc=\"https:\/\/ferme-brochier05.fr\/wp-content\/uploads\/2018\/10\/FERME-AVICOLE-BROCHIER-DINDE-BLANCHE-512X512-300x300.jpg\" width=\"300\" height=\"300\" srcset=\"https:\/\/ferme-brochier05.fr\/wp-content\/uploads\/2018\/10\/FERME-AVICOLE-BROCHIER-DINDE-BLANCHE-512X512-300x300.jpg 300w, https:\/\/ferme-brochier05.fr\/wp-content\/uploads\/2018\/10\/FERME-AVICOLE-BROCHIER-DINDE-BLANCHE-512X512-150x150.jpg 150w, https:\/\/ferme-brochier05.fr\/wp-content\/uploads\/2018\/10\/FERME-AVICOLE-BROCHIER-DINDE-BLANCHE-512X512-100x100.jpg 100w, https:\/\/ferme-brochier05.fr\/wp-content\/uploads\/2018\/10\/FERME-AVICOLE-BROCHIER-DINDE-BLANCHE-512X512.jpg 350w\" sizes=\"(max-width: 300px) 100vw, 300px\" title=\"LES DINDES\" alt=\"\" \t\tclass=\"so-widget-image\"\/>\n\t\t\t<\/a><\/div>\n\n<\/div><\/div><\/div><\/div><div id=\"pgc-23-6-1\"  class=\"panel-grid-cell\" ><div id=\"panel-23-6-1-0\" class=\"so-panel widget widget_sow-editor panel-first-child panel-last-child\" data-index=\"11\" ><div class=\"panel-widget-style panel-widget-style-for-23-6-1-0\" ><div\n\t\t\t\n\t\t\tclass=\"so-widget-sow-editor so-widget-sow-editor-base\"\n\t\t\t\n\t\t>\n<div class=\"siteorigin-widget-tinymce textwidget\">\n\t<p>&nbsp;<\/p>\n<p>La diff\u00e9rence principale r\u00e9side dans leur poids \u00e0 l'\u00e2ge adulte.<br \/>\nUne\u00a0dinde blanche\u00a0atteint tr\u00e8s rapidement les 15 kgs et peut m\u00eame aller jusqu'\u00e0 20\/25 kgs.<br \/>\nLes\u00a0dindes bronz\u00e9es\u00a0vont faire entre 9 et 7 kgs<\/p>\n<\/div>\n<\/div><\/div><\/div><\/div><\/div><\/div><div id=\"pg-23-7\"  class=\"panel-grid panel-no-style\" ><div id=\"pgc-23-7-0\"  class=\"panel-grid-cell panel-grid-cell-empty\" ><\/div><\/div><\/div>","protected":false},"excerpt":{"rendered":"<p>&nbsp; Vous trouverez, dans notre \u00e9levage, des poules pondeuses de diff\u00e9rentes couleurs\u00a0: rousses, noires, blanches et grises. Elles ont environ 20 semaines et commencent d\u00e9j\u00e0 \u00e0 pondre pour certaines. Elles ont l\u2019habitude de voir du monde et ne sont pas sauvages. Vous pouvez m\u00e9langer les couleurs, elles s\u2019adaptent toutes ensembles.<\/p>\n","protected":false},"author":1,"featured_media":0,"parent":0,"menu_order":0,"comment_status":"closed","ping_status":"closed","template":"","meta":{"footnotes":""},"class_list":["post-23","page","type-page","status-publish","hentry"],"yoast_head":"<!-- This site is optimized with the Yoast SEO plugin v15.9.2 - https:\/\/yoast.com\/wordpress\/plugins\/seo\/ -->\n<title>Nos volailles - Des poules dans mon jardin<\/title>\n<link rel=\"canonical\" href=\"https:\/\/ferme-brochier05.fr\/index.php\/les-poules-pondeuses\/\" \/>\n<meta property=\"og:locale\" content=\"fr_FR\" \/>\n<meta property=\"og:type\" content=\"article\" \/>\n<meta property=\"og:title\" content=\"Nos volailles - Des poules dans mon jardin\" \/>\n<meta property=\"og:description\" content=\"&nbsp; Vous trouverez, dans notre \u00e9levage, des poules pondeuses de diff\u00e9rentes couleurs\u00a0: rousses, noires, blanches et grises. Elles ont environ 20 semaines et commencent d\u00e9j\u00e0 \u00e0 pondre pour certaines. Elles ont l\u2019habitude de voir du monde et ne sont pas sauvages. Vous pouvez m\u00e9langer les couleurs, elles s\u2019adaptent toutes ensembles.\" \/>\n<meta property=\"og:url\" content=\"https:\/\/ferme-brochier05.fr\/index.php\/les-poules-pondeuses\/\" \/>\n<meta property=\"og:site_name\" content=\"Des poules dans mon jardin\" \/>\n<meta property=\"article:modified_time\" content=\"2023-04-11T20:34:02+00:00\" \/>\n<meta name=\"twitter:card\" content=\"summary_large_image\" \/>\n<meta name=\"twitter:label1\" content=\"Dur\u00e9e de lecture est.\">\n\t<meta name=\"twitter:data1\" content=\"2 minutes\">\n<script type=\"application\/ld+json\" class=\"yoast-schema-graph\">{\"@context\":\"https:\/\/schema.org\",\"@graph\":[{\"@type\":\"WebSite\",\"@id\":\"https:\/\/ferme-brochier05.fr\/#website\",\"url\":\"https:\/\/ferme-brochier05.fr\/\",\"name\":\"Des poules dans mon jardin\",\"description\":\"Bienvenue \\u00e0 la Ferme Avicole BROCHIER\",\"potentialAction\":[{\"@type\":\"SearchAction\",\"target\":\"https:\/\/ferme-brochier05.fr\/?s={search_term_string}\",\"query-input\":\"required name=search_term_string\"}],\"inLanguage\":\"fr-FR\"},{\"@type\":\"WebPage\",\"@id\":\"https:\/\/ferme-brochier05.fr\/index.php\/les-poules-pondeuses\/#webpage\",\"url\":\"https:\/\/ferme-brochier05.fr\/index.php\/les-poules-pondeuses\/\",\"name\":\"Nos volailles - Des poules dans mon jardin\",\"isPartOf\":{\"@id\":\"https:\/\/ferme-brochier05.fr\/#website\"},\"datePublished\":\"2018-04-23T14:38:15+00:00\",\"dateModified\":\"2023-04-11T20:34:02+00:00\",\"breadcrumb\":{\"@id\":\"https:\/\/ferme-brochier05.fr\/index.php\/les-poules-pondeuses\/#breadcrumb\"},\"inLanguage\":\"fr-FR\",\"potentialAction\":[{\"@type\":\"ReadAction\",\"target\":[\"https:\/\/ferme-brochier05.fr\/index.php\/les-poules-pondeuses\/\"]}]},{\"@type\":\"BreadcrumbList\",\"@id\":\"https:\/\/ferme-brochier05.fr\/index.php\/les-poules-pondeuses\/#breadcrumb\",\"itemListElement\":[{\"@type\":\"ListItem\",\"position\":1,\"item\":{\"@type\":\"WebPage\",\"@id\":\"https:\/\/ferme-brochier05.fr\/\",\"url\":\"https:\/\/ferme-brochier05.fr\/\",\"name\":\"Accueil\"}},{\"@type\":\"ListItem\",\"position\":2,\"item\":{\"@type\":\"WebPage\",\"@id\":\"https:\/\/ferme-brochier05.fr\/index.php\/les-poules-pondeuses\/\",\"url\":\"https:\/\/ferme-brochier05.fr\/index.php\/les-poules-pondeuses\/\",\"name\":\"Nos volailles\"}}]}]}<\/script>\n<!-- \/ Yoast SEO plugin. -->","_links":{"self":[{"href":"https:\/\/ferme-brochier05.fr\/index.php\/wp-json\/wp\/v2\/pages\/23","targetHints":{"allow":["GET"]}}],"collection":[{"href":"https:\/\/ferme-brochier05.fr\/index.php\/wp-json\/wp\/v2\/pages"}],"about":[{"href":"https:\/\/ferme-brochier05.fr\/index.php\/wp-json\/wp\/v2\/types\/page"}],"author":[{"embeddable":true,"href":"https:\/\/ferme-brochier05.fr\/index.php\/wp-json\/wp\/v2\/users\/1"}],"replies":[{"embeddable":true,"href":"https:\/\/ferme-brochier05.fr\/index.php\/wp-json\/wp\/v2\/comments?post=23"}],"version-history":[{"count":129,"href":"https:\/\/ferme-brochier05.fr\/index.php\/wp-json\/wp\/v2\/pages\/23\/revisions"}],"predecessor-version":[{"id":1037,"href":"https:\/\/ferme-brochier05.fr\/index.php\/wp-json\/wp\/v2\/pages\/23\/revisions\/1037"}],"wp:attachment":[{"href":"https:\/\/ferme-brochier05.fr\/index.php\/wp-json\/wp\/v2\/media?parent=23"}],"curies":[{"name":"wp","href":"https:\/\/api.w.org\/{rel}","templated":true}]}}